{"id":2122,"date":"2019-04-19T09:02:24","date_gmt":"2019-04-19T08:02:24","guid":{"rendered":"https:\/\/www.locationvacances-lessablesdolonne.com\/en\/accueil-fr\/"},"modified":"2025-11-14T08:11:28","modified_gmt":"2025-11-14T07:11:28","slug":"accueil-fr-2-2-2","status":"publish","type":"page","link":"https:\/\/www.locationvacances-lessablesdolonne.com\/en\/","title":{"rendered":"Accueil fr"},"content":{"rendered":"<p>[vc_row][vc_column width=&#8221;1\/4&#8243;][\/vc_column][vc_column width=&#8221;1\/2&#8243;][vc_column_text css=&#8221;.vc_custom_1743233316443{margin-top: 90px !important;margin-bottom: 60px !important;}&#8221;]<\/p>\n<h1 style=\"text-align: center;\"><strong><span style=\"color: #ffcc00;\">Le temps se compte en heures, <\/span><\/strong><\/h1>\n<h1 style=\"text-align: center;\"><strong><span style=\"color: #ffcc00;\">la vie en \u00e9motions &#8230;<\/span><\/strong><\/h1>\n<h2 style=\"text-align: center;\"><strong><span style=\"color: #d4a91e;\"><span style=\"color: #ffcc00;\">Location Villas 4 \u00e9toiles<\/span><br \/>\n<\/span><span style=\"color: #d4a91e;\"><span style=\"color: #ffcc00;\">Les Sables d\u2019Olonne ( Vend\u00e9e 85 )<\/span><\/span><\/strong><\/h2>\n<p style=\"text-align: center;\"><span style=\"color: #ff9900;\">***<\/span><\/p>\n<h3 style=\"text-align: center;\"><span style=\"color: #ffffff;\">Ville de D\u00e9part du Vend\u00e9e Globe<\/span><\/h3>\n<p>[\/vc_column_text][\/vc_column][vc_column width=&#8221;1\/4&#8243;][\/vc_column][\/vc_row][vc_row][vc_column][vc_row_inner equal_height=&#8221;yes&#8221;][vc_column_inner el_class=&#8221;blocvilla&#8221; width=&#8221;1\/4&#8243; css=&#8221;.vc_custom_1555667498759{padding-top: 20px !important;background-color: #080936 !important;}&#8221;][vc_column_text el_class=&#8221;titrebloc&#8221; css=&#8221;.vc_custom_1703092740785{margin-top: 0px !important;margin-bottom: 5px !important;padding-top: 0px !important;padding-bottom: 0px !important;}&#8221;]<\/p>\n<p style=\"text-align: center;\"><a href=\"https:\/\/www.locationvacances-lessablesdolonne.com\/en\/villa-tanchet-face-mer-plage-locations-6-8-personnes-vendee-mer\/\" target=\"_blank\" rel=\"noopener noreferrer\"><span style=\"color: #ff9900;\"><strong><span style=\"color: #ffcc00;\">VILLA<\/span><\/strong><\/span><br \/>\n<strong><span style=\"color: #ffcc00;\">TANCHET\u00a04*<\/span><\/strong><\/a><strong><span style=\"color: #ffcc00;\"> T4 ou T5<\/span><\/strong><\/p>\n<p>[\/vc_column_text][vc_column_text el_class=&#8221;textebloc&#8221; css=&#8221;.vc_custom_1763104284885{margin-bottom: 10px !important;padding-top: 2px !important;padding-bottom: 0px !important;}&#8221;]<\/p>\n<p style=\"text-align: center;\">FACE \u00e0 la MER au pieds de la PLAGE de TANCHET<\/p>\n<p style=\"text-align: center;\">3 ou 4 chambres &#8211; 8 &#8211; 10 pers<\/p>\n<p style=\"text-align: center;\">Chargeur V\u00e9hicule Electrique<br \/>\nWifi fibre optique coin bureau<\/p>\n<p>[\/vc_column_text][vc_single_image image=&#8221;5512&#8243; img_size=&#8221;235&#215;140&#8243; alignment=&#8221;center&#8221; onclick=&#8221;custom_link&#8221; link=&#8221;https:\/\/www.locationvacances-lessablesdolonne.com\/villa-tanchet-face-mer-plage-locations-6-8-personnes-vendee-mer\/&#8221;][vc_btn title=&#8221;R\u00e9server la Villa TANCHET ici&#8221; color=&#8221;primary&#8221; size=&#8221;sm&#8221; align=&#8221;center&#8221; link=&#8221;url:https%3A%2F%2Fwww.locationvacances-lessablesdolonne.com%2Fvilla-tanchet-face-mer-plage-locations-6-8-personnes-vendee-mer%2F|||&#8221; el_class=&#8221;txtbouton&#8221;][\/vc_column_inner][vc_column_inner el_class=&#8221;blocvilla&#8221; width=&#8221;1\/4&#8243; css=&#8221;.vc_custom_1555668092045{padding-top: 20px !important;background-color: #080936 !important;}&#8221;][vc_column_text el_class=&#8221;titrebloc&#8221; css=&#8221;.vc_custom_1703092751407{margin-top: 0px !important;margin-bottom: 5px !important;padding-top: 0px !important;padding-bottom: 0px !important;}&#8221;]<\/p>\n<p style=\"text-align: center;\"><span style=\"color: #ffcc00;\"><strong><a style=\"color: #ffcc00;\" href=\"https:\/\/www.locationvacances-lessablesdolonne.com\/en\/ma-vie-la_villa_10_personnes-vacances-mer\/\">VILLA<br \/>\nCOLOMBIER\u00a04*<\/a> T5<\/strong><\/span><\/p>\n<p>[\/vc_column_text][vc_column_text el_class=&#8221;textebloc&#8221; css=&#8221;.vc_custom_1711521202485{margin-bottom: 10px !important;padding-top: 2px !important;padding-bottom: 0px !important;}&#8221;]<\/p>\n<p style=\"text-align: center;\">PISCINE PRIV\u00c9E, Couverte et chauff\u00e9e<br \/>\nVUE MER, PROCHE PLAGE et commerces<\/p>\n<p style=\"text-align: center;\">4 chambres &#8211; 9 pers<\/p>\n<p style=\"text-align: center;\">Chargeur V\u00e9hicule Electrique<\/p>\n<p style=\"text-align: center;\">Wifi<\/p>\n<p>[\/vc_column_text][vc_single_image image=&#8221;5471&#8243; img_size=&#8221;235&#215;140&#8243; alignment=&#8221;center&#8221; onclick=&#8221;custom_link&#8221; link=&#8221;https:\/\/www.locationvacances-lessablesdolonne.com\/ma-vie-la_villa_10_personnes-vacances-mer\/&#8221;][vc_btn title=&#8221;R\u00e9server la Villa COLOMBIER ici&#8221; color=&#8221;primary&#8221; size=&#8221;sm&#8221; align=&#8221;center&#8221; link=&#8221;url:https%3A%2F%2Fwww.locationvacances-lessablesdolonne.com%2Fma-vie-la_villa_10_personnes-vacances-mer%2F|||&#8221; el_class=&#8221;txtbouton&#8221;][\/vc_column_inner][vc_column_inner width=&#8221;1\/4&#8243; css=&#8221;.vc_custom_1695740007468{padding-top: 20px !important;background-color: #080936 !important;}&#8221;][vc_column_text el_class=&#8221;titrebloc&#8221; css=&#8221;.vc_custom_1703092763528{margin-top: 0px !important;margin-bottom: 5px !important;padding-top: 0px !important;padding-bottom: 0px !important;}&#8221;]<\/p>\n<p style=\"text-align: center;\"><span style=\"color: #ffcc00;\"><strong><a style=\"color: #ffcc00;\" href=\"https:\/\/www.locationvacances-lessablesdolonne.com\/en\/villa-arago-centre-ville-proche-grande-plage-port\/\">APPARTEMENT<\/a><\/strong><\/span><br \/>\n<span style=\"color: #ffcc00;\"><strong><a style=\"color: #ffcc00;\" href=\"https:\/\/www.locationvacances-lessablesdolonne.com\/en\/villa-arago-centre-ville-proche-grande-plage-port\/\">T2\u00a0<\/a> plain-pieds<\/strong><\/span><\/p>\n<p>[\/vc_column_text][vc_column_text el_class=&#8221;textebloc&#8221; css=&#8221;.vc_custom_1743232968061{margin-bottom: 10px !important;padding-top: 2px !important;padding-bottom: 0px !important;}&#8221;]<\/p>\n<p style=\"text-align: center;\">Joli Appartement T2 cocooning, Id\u00e9alement situ\u00e9e au pieds de la Plage de TANCHET.<\/p>\n<p style=\"text-align: center;\">1 chambre &#8211; 2\/4 pers<\/p>\n<p>[\/vc_column_text][vc_single_image image=&#8221;5367&#8243; img_size=&#8221;235&#215;140&#8243; alignment=&#8221;center&#8221; onclick=&#8221;custom_link&#8221; link=&#8221;https:\/\/www.locationvacances-lessablesdolonne.com\/ma-vie-la_villa_10_personnes-vacances-mer\/&#8221;][vc_btn title=&#8221;R\u00e9server appartement TANCHET ici&#8221; color=&#8221;primary&#8221; size=&#8221;sm&#8221; align=&#8221;center&#8221; link=&#8221;url:https%3A%2F%2Fwww.locationvacances-lessablesdolonne.com%2Fappartement-t2-tanchet-plage-commerces-arago-president-velo-sport-nautique%2F|title:APPARTEMENT%20T2%20Tanchet||&#8221; el_class=&#8221;txtbouton&#8221;][\/vc_column_inner][vc_column_inner el_class=&#8221;blocvilla&#8221; width=&#8221;1\/4&#8243; css=&#8221;.vc_custom_1742835635099{padding-top: 20px !important;background-color: #080936 !important;}&#8221;][vc_column_text el_class=&#8221;textebloc&#8221; css=&#8221;.vc_custom_1752476578875{margin-top: 17px !important;margin-bottom: 17px !important;padding-top: 2px !important;padding-bottom: 0px !important;}&#8221;]<\/p>\n<h4 style=\"text-align: center;\"><span style=\"color: #00ccff;\"><u>Envie d&#8217;un s\u00e9jour personnalis\u00e9 ? <\/u><\/span><u><\/u><strong>\u00a0<\/strong><\/h4>\n<h4 style=\"text-align: center;\"><strong><span style=\"color: #ffcc00;\"><a style=\"color: #ffcc00;\" href=\"tel:0648997499\">+33 (0)648997499<\/a><\/span><\/strong><\/h4>\n<h5 style=\"text-align: center;\"><strong><span style=\"color: #d4a91e;\"><span style=\"color: #ffcc00;\">Environnement pr\u00e9serv\u00e9 et privil\u00e9gi\u00e9,\u00a0 <\/span><\/span><\/strong><strong><span style=\"color: #d4a91e;\"><span style=\"color: #ffcc00;\">face \u00e0 l&#8217;une des plus belles baies du monde\u00a0<\/span><\/span><\/strong><\/h5>\n<h3 style=\"text-align: center;\"><span style=\"color: #ffcc00;\">R\u00e9servez en ligne vos prochaines vacances \u00e0 la mer\u00a0<\/span><\/h3>\n<p>&nbsp;<\/p>\n<p>&nbsp;<\/p>\n<p>&nbsp;<\/p>\n<p style=\"text-align: center;\">March\u00e9s, Commerces, Restaurants, Randonn\u00e9es, Pistes cyclables, Zoo, Golfs, Casinos, Saut en parachute, Lac de Tanchet, Activit\u00e9s nautiques et de loisirs \u00e0 proximit\u00e9, Arena, concerts, festival musique, \u00e9v\u00e8nements culturels&#8230;<\/p>\n<p>[\/vc_column_text][vc_column_text][\/vc_column_text][vc_btn title=&#8221;R\u00e9servez en ligne&#8221; align=&#8221;center&#8221; link=&#8221;url:https%3A%2F%2Fwww.locationvacances-lessablesdolonne.com%2Freservez-en-ligne%2F|||&#8221;][\/vc_column_inner][\/vc_row_inner][\/vc_column][\/vc_row]<\/p>\n","protected":false},"excerpt":{"rendered":"<p>[vc_row][vc_column width=&#8221;1\/4&#8243;][\/vc_column][vc_column width=&#8221;1\/2&#8243;][vc_column_text css=&#8221;.vc_custom_1743233316443{margin-top: 90px !important;margin-bottom: 60px !important;}&#8221;] Le temps se compte en heures, la vie en \u00e9motions &#8230; Location Villas 4 \u00e9toiles Les Sables d\u2019Olonne ( Vend\u00e9e 85 )&#8230;<\/p>\n","protected":false},"author":1,"featured_media":2499,"parent":0,"menu_order":6,"comment_status":"closed","ping_status":"closed","template":"","meta":[],"_links":{"self":[{"href":"https:\/\/www.locationvacances-lessablesdolonne.com\/en\/wp-json\/wp\/v2\/pages\/2122"}],"collection":[{"href":"https:\/\/www.locationvacances-lessablesdolonne.com\/en\/wp-json\/wp\/v2\/pages"}],"about":[{"href":"https:\/\/www.locationvacances-lessablesdolonne.com\/en\/wp-json\/wp\/v2\/types\/page"}],"author":[{"embeddable":true,"href":"https:\/\/www.locationvacances-lessablesdolonne.com\/en\/wp-json\/wp\/v2\/users\/1"}],"replies":[{"embeddable":true,"href":"https:\/\/www.locationvacances-lessablesdolonne.com\/en\/wp-json\/wp\/v2\/comments?post=2122"}],"version-history":[{"count":101,"href":"https:\/\/www.locationvacances-lessablesdolonne.com\/en\/wp-json\/wp\/v2\/pages\/2122\/revisions"}],"predecessor-version":[{"id":5519,"href":"https:\/\/www.locationvacances-lessablesdolonne.com\/en\/wp-json\/wp\/v2\/pages\/2122\/revisions\/5519"}],"wp:featuredmedia":[{"embeddable":true,"href":"https:\/\/www.locationvacances-lessablesdolonne.com\/en\/wp-json\/wp\/v2\/media\/2499"}],"wp:attachment":[{"href":"https:\/\/www.locationvacances-lessablesdolonne.com\/en\/wp-json\/wp\/v2\/media?parent=2122"}],"curies":[{"name":"wp","href":"https:\/\/api.w.org\/{rel}","templated":true}]}}